{"id":9,"date":"2024-02-02T15:55:30","date_gmt":"2024-02-02T15:55:30","guid":{"rendered":"https:\/\/demosites.royal-elementor-addons.com\/aimatrix-v1\/?page_id=9"},"modified":"2024-11-22T20:26:28","modified_gmt":"2024-11-22T20:26:28","slug":"about","status":"publish","type":"page","link":"https:\/\/efeserplastik.com\/?page_id=9","title":{"rendered":"Kurumsal"},"content":{"rendered":"\t\t<div data-elementor-type=\"wp-page\" data-elementor-id=\"9\" class=\"elementor elementor-9\">\n\t\t\t\t<div class=\"elementor-element elementor-element-b30e73c e-con-full e-flex wpr-particle-no wpr-jarallax-no wpr-parallax-no wpr-sticky-section-no e-con e-parent\" data-id=\"b30e73c\" data-element_type=\"container\">\n\t\t\t\t<\/div>\n\t\t<div class=\"elementor-element elementor-element-2542ffd e-flex e-con-boxed wpr-particle-no wpr-jarallax-no wpr-parallax-no wpr-sticky-section-no e-con e-parent\" data-id=\"2542ffd\" data-element_type=\"container\">\n\t\t\t\t\t<div class=\"e-con-inner\">\n\t\t\t\t<div class=\"elementor-element elementor-element-65daf0b elementor-widget elementor-widget-heading\" data-id=\"65daf0b\" data-element_type=\"widget\" data-widget_type=\"heading.default\">\n\t\t\t\t<div class=\"elementor-widget-container\">\n\t\t\t<h2 class=\"elementor-heading-title elementor-size-default\">Kurumsal<\/h2>\t\t<\/div>\n\t\t\t\t<\/div>\n\t\t\t\t\t<\/div>\n\t\t\t\t<\/div>\n\t\t<div class=\"elementor-element elementor-element-1add6d5 e-flex e-con-boxed wpr-particle-no wpr-jarallax-no wpr-parallax-no wpr-sticky-section-no e-con e-parent\" data-id=\"1add6d5\" data-element_type=\"container\">\n\t\t\t\t\t<div class=\"e-con-inner\">\n\t\t<div class=\"elementor-element elementor-element-94e94ac e-flex e-con-boxed wpr-particle-no wpr-jarallax-no wpr-parallax-no wpr-sticky-section-no e-con e-child\" data-id=\"94e94ac\" data-element_type=\"container\">\n\t\t\t\t\t<div class=\"e-con-inner\">\n\t\t\t\t<div class=\"elementor-element elementor-element-eb8984c elementor-widget elementor-widget-text-editor\" data-id=\"eb8984c\" data-element_type=\"widget\" data-widget_type=\"text-editor.default\">\n\t\t\t\t<div class=\"elementor-widget-container\">\n\t\t\t\t\t\t\t<div><div><div><h1>HAKKIMIZDA<\/h1><p>Efeser Plastik Ambalaj \u0130th. \u0130hr. San. ve Tic. Ltd. \u015eti. olarak T\u00fcrkiye ve \u00e7evre \u00fclkelerdeki m\u00fc\u015fterilerimizin her t\u00fcrl\u00fc ambalaj taleplerini uzman kadromuzla kar\u015f\u0131l\u0131yoruz.<\/p><p>T\u00fcm d\u00fcnyadaki dinamik tedarik zincirimizle i\u015f ortaklar\u0131m\u0131zdan gelen taleplere,h\u0131zl\u0131 ve s\u00fcrekli olarak cevap verebilmeyi \u00f6ncelikli hedefimiz olarak benimsiyoruz.<\/p><p>Her ge\u00e7en g\u00fcn artan tecr\u00fcbemiz, gen\u00e7.dinamik yap\u0131m\u0131z ve zengin \u00fcr\u00fcn portf\u00f6y\u00fcm\u00fczle i\u015f ortaklar\u0131m\u0131za piyasa hakk\u0131nda g\u00fcncel ve g\u00fcvenilir bilgi ihtiya\u00e7lar\u0131na cevap verebilecek \u00f6ncelikli i\u015f orta\u011f\u0131 olmak temel hedefimizdir.<\/p><p>.<\/p><\/div><\/div><\/div><div><div><div><p>\u00a0<\/p><\/div><\/div><\/div><div><div><div><h1>V\u0130ZYON<\/h1><ul><li>\u00a0<\/li><li>B\u00fct\u00fcn m\u00fc\u015fterilerimizin her t\u00fcrl\u00fc ambalaj ihtiya\u00e7lar\u0131nda ilk akla gelen tedarik\u00e7ilerinden biri olmak.<\/li><li>\u00dcr\u00fcn portf\u00f6y\u00fcn\u00fc ve tedarik kaynaklar\u0131n\u0131 m\u00fc\u015fterilerinin ihtiya\u00e7lar\u0131na g\u00f6re s\u00fcrekli geli\u015ftirmek ve \u00e7e\u015fitlendirmek.<\/li><li>Plastik hammadde sekt\u00f6r\u00fcndeki geli\u015fmeleri yak\u0131ndan takip etmek ve her zaman bu sekt\u00f6rde \u00f6nc\u00fc olmak.<\/li><\/ul><\/div><\/div><\/div><div><div><div><h1>M\u0130SYON<\/h1><ul><li>Her birini i\u015f orta\u011f\u0131m\u0131z olarak g\u00f6rd\u00fc\u011f\u00fcm\u00fcz m\u00fc\u015fterilerimizin ihtiya\u00e7lar\u0131na en h\u0131zl\u0131, en uygun maliyetle ve s\u00fcrekli olarak cevap verebilmek.<\/li><li>Sundu\u011fumuz hizmet kalitesini her ge\u00e7en g\u00fcn biraz daha art\u0131rmak.<\/li><li>\u0130\u015f ortaklar\u0131n\u0131n memnuniyetini temel \u00f6ncelik olarak benimsemek.<\/li><\/ul><\/div><\/div><\/div><div><div><div><h1>DE\u011eERLER\u0130M\u0130Z<\/h1><ul><li>Kaliteli \u00fcr\u00fcn, kaliteli hizmet.<\/li><li>S\u00fcrekli ileti\u015fim ve bilgi payla\u015f\u0131m\u0131.<\/li><li>Kar\u015f\u0131l\u0131kl\u0131 g\u00fcven ve \u015feffafl\u0131k.<\/li><\/ul><\/div><\/div><\/div><div><div><div><h1>\u0130NSAN KAYNAKLARI<\/h1><p>CV&#8217;nizin de\u011ferlendirilmesi, olu\u015fabilecek a\u00e7\u0131k pozisyon durumlar\u0131nda size ula\u015f\u0131lmas\u0131 i\u00e7in\u00a0<a href=\"mailto:info@efeserplastik.com.tr\">info@efeserplastik.com.tr<\/a>\u00a0adresine ba\u015fvuruda bulunabilirsiniz.<\/p><\/div><\/div><\/div>\t\t\t\t\t\t<\/div>\n\t\t\t\t<\/div>\n\t\t\t\t\t<\/div>\n\t\t\t\t<\/div>\n\t\t\t\t<div class=\"elementor-element elementor-element-d6749ff elementor-widget elementor-widget-image\" data-id=\"d6749ff\" data-element_type=\"widget\" data-widget_type=\"image.default\">\n\t\t\t\t<div class=\"elementor-widget-container\">\n\t\t\t\t\t\t\t\t\t\t\t\t\t<img fetchpriority=\"high\" decoding=\"async\" width=\"1800\" height=\"448\" src=\"https:\/\/efeserplastik.com\/wp-content\/uploads\/2024\/02\/pic-6.jpg\" class=\"attachment-full size-full wp-image-589\" alt=\"\" srcset=\"https:\/\/efeserplastik.com\/wp-content\/uploads\/2024\/02\/pic-6.jpg 1800w, https:\/\/efeserplastik.com\/wp-content\/uploads\/2024\/02\/pic-6-300x75.jpg 300w, https:\/\/efeserplastik.com\/wp-content\/uploads\/2024\/02\/pic-6-1024x255.jpg 1024w, https:\/\/efeserplastik.com\/wp-content\/uploads\/2024\/02\/pic-6-768x191.jpg 768w, https:\/\/efeserplastik.com\/wp-content\/uploads\/2024\/02\/pic-6-1536x382.jpg 1536w\" sizes=\"(max-width: 1800px) 100vw, 1800px\" \/>\t\t\t\t\t\t\t\t\t\t\t\t\t<\/div>\n\t\t\t\t<\/div>\n\t\t\t\t\t<\/div>\n\t\t\t\t<\/div>\n\t\t\t\t<\/div>\n\t\t","protected":false},"excerpt":{"rendered":"<p>Kurumsal HAKKIMIZDA Efeser Plastik Ambalaj \u0130th. \u0130hr. San. ve Tic. Ltd. \u015eti. olarak T\u00fcrkiye ve \u00e7evre \u00fclkelerdeki m\u00fc\u015fterilerimizin her t\u00fcrl\u00fc ambalaj taleplerini uzman kadromuzla kar\u015f\u0131l\u0131yoruz. T\u00fcm d\u00fcnyadaki dinamik tedarik zincirimizle i\u015f ortaklar\u0131m\u0131zdan gelen taleplere,h\u0131zl\u0131 ve s\u00fcrekli olarak cevap verebilmeyi \u00f6ncelikli hedefimiz olarak benimsiyoruz. Her ge\u00e7en g\u00fcn artan tecr\u00fcbemiz, gen\u00e7.dinamik yap\u0131m\u0131z ve zengin \u00fcr\u00fcn portf\u00f6y\u00fcm\u00fczle i\u015f ortaklar\u0131m\u0131za piyasa hakk\u0131nda g\u00fcncel ve g\u00fcvenilir bilgi ihtiya\u00e7lar\u0131na cevap verebilecek \u00f6ncelikli i\u015f orta\u011f\u0131 olmak temel hedefimizdir. . \u00a0 V\u0130ZYON \u00a0 B\u00fct\u00fcn m\u00fc\u015fterilerimizin her t\u00fcrl\u00fc ambalaj ihtiya\u00e7lar\u0131nda ilk akla gelen tedarik\u00e7ilerinden biri olmak. \u00dcr\u00fcn portf\u00f6y\u00fcn\u00fc ve tedarik kaynaklar\u0131n\u0131 m\u00fc\u015fterilerinin ihtiya\u00e7lar\u0131na g\u00f6re s\u00fcrekli geli\u015ftirmek ve \u00e7e\u015fitlendirmek. Plastik hammadde sekt\u00f6r\u00fcndeki geli\u015fmeleri yak\u0131ndan takip etmek ve her zaman bu sekt\u00f6rde \u00f6nc\u00fc olmak. M\u0130SYON Her birini i\u015f orta\u011f\u0131m\u0131z olarak g\u00f6rd\u00fc\u011f\u00fcm\u00fcz m\u00fc\u015fterilerimizin ihtiya\u00e7lar\u0131na en h\u0131zl\u0131, en uygun maliyetle ve s\u00fcrekli olarak cevap verebilmek. Sundu\u011fumuz hizmet kalitesini her ge\u00e7en g\u00fcn biraz daha art\u0131rmak. \u0130\u015f ortaklar\u0131n\u0131n memnuniyetini temel \u00f6ncelik olarak benimsemek. DE\u011eERLER\u0130M\u0130Z Kaliteli \u00fcr\u00fcn, kaliteli hizmet. S\u00fcrekli ileti\u015fim ve bilgi payla\u015f\u0131m\u0131. Kar\u015f\u0131l\u0131kl\u0131 g\u00fcven ve \u015feffafl\u0131k. \u0130NSAN KAYNAKLARI CV&#8217;nizin de\u011ferlendirilmesi, olu\u015fabilecek a\u00e7\u0131k pozisyon durumlar\u0131nda size ula\u015f\u0131lmas\u0131 i\u00e7in\u00a0info@efeserplastik.com.tr\u00a0adresine ba\u015fvuruda bulunabilirsiniz.<\/p>\n","protected":false},"author":1,"featured_media":0,"parent":0,"menu_order":0,"comment_status":"closed","ping_status":"closed","template":"elementor_canvas","meta":{"footnotes":""},"class_list":["post-9","page","type-page","status-publish","hentry"],"_links":{"self":[{"href":"https:\/\/efeserplastik.com\/index.php?rest_route=\/wp\/v2\/pages\/9","targetHints":{"allow":["GET"]}}],"collection":[{"href":"https:\/\/efeserplastik.com\/index.php?rest_route=\/wp\/v2\/pages"}],"about":[{"href":"https:\/\/efeserplastik.com\/index.php?rest_route=\/wp\/v2\/types\/page"}],"author":[{"embeddable":true,"href":"https:\/\/efeserplastik.com\/index.php?rest_route=\/wp\/v2\/users\/1"}],"replies":[{"embeddable":true,"href":"https:\/\/efeserplastik.com\/index.php?rest_route=%2Fwp%2Fv2%2Fcomments&post=9"}],"version-history":[{"count":19,"href":"https:\/\/efeserplastik.com\/index.php?rest_route=\/wp\/v2\/pages\/9\/revisions"}],"predecessor-version":[{"id":1337,"href":"https:\/\/efeserplastik.com\/index.php?rest_route=\/wp\/v2\/pages\/9\/revisions\/1337"}],"wp:attachment":[{"href":"https:\/\/efeserplastik.com\/index.php?rest_route=%2Fwp%2Fv2%2Fmedia&parent=9"}],"curies":[{"name":"wp","href":"https:\/\/api.w.org\/{rel}","templated":true}]}}